{"id":2659,"date":"2024-12-15T17:45:07","date_gmt":"2024-12-15T16:45:07","guid":{"rendered":"https:\/\/oktoberfestrun.sk\/altalanos-feltetelek\/"},"modified":"2025-01-08T15:44:56","modified_gmt":"2025-01-08T14:44:56","slug":"altalanos-feltetelek","status":"publish","type":"page","link":"https:\/\/oktoberfestrun.sk\/hu\/altalanos-feltetelek\/","title":{"rendered":"\u00c1ltal\u00e1nos felt\u00e9telek"},"content":{"rendered":"\n<p><strong>Utols\u00f3 friss\u00edt\u00e9s: 2024. december 15. <\/strong><\/p>\n\n<p>A jelen \u00c1ltal\u00e1nos Szerz\u0151d\u00e9si Felt\u00e9telek (a tov\u00e1bbiakban: \u00c1SZF) szab\u00e1lyozz\u00e1k a Szervez\u0151 \u00e9s a R\u00e9sztvev\u0151 k\u00f6z\u00f6tti kapcsolatot a Szervez\u0151 \u00e1ltal szervezett sportrendezv\u00e9nyekkel (a tov\u00e1bbiakban: Rendezv\u00e9ny vagy Rendezv\u00e9nyek) \u00e9s az ilyen Rendezv\u00e9nyen r\u00e9szt vev\u0151 term\u00e9szetes szem\u00e9ly sportol\u00f3val kapcsolatban.<\/p>\n\n<p>A jelen \u00c1ltal\u00e1nos Szerz\u0151d\u00e9si Felt\u00e9telek alkalmaz\u00e1s\u00e1ban a Szervez\u0151:<br\/><br\/>S<strong>imply<\/strong>, ID:42205778, VAT 2023278642, sz\u00e9khelye: K vinohradom 40\/13, 951 46 B\u00e1dice, bejegyezve a Szlov\u00e1k K\u00f6zt\u00e1rsas\u00e1g Bel\u00fcgyminiszt\u00e9riuma \u00e1ltal 2011.05.12-\u00e9n VVS\/1-900\/90-37616 sz\u00e1mon, \u00e9s <br\/><strong>Edumood, s. r. o. <\/strong>, ID 54 058 899, VAT 2121578778, VAT ID SK2121578778, sz\u00e9khely: V\u00fdstavn\u00e1 646\/7, 949 01 Nitra , bejegyezve a Nyitrai Ker\u00fcleti B\u00edr\u00f3s\u00e1g Sro r\u00e9szleg\u00e9nek kereskedelmi nyilv\u00e1ntart\u00e1s\u00e1ba, Insert No. 55323\/N. <\/p>\n\n<h2 class=\"wp-block-heading\"><strong>I. A rendezv\u00e9nyeken val\u00f3 r\u00e9szv\u00e9tel felt\u00e9telei<\/strong><\/h2>\n\n<ol class=\"wp-block-list\">\n<li>Ezek az \u00c1ltal\u00e1nos Szerz\u0151d\u00e9si Felt\u00e9telek az egyes Rendezv\u00e9nyek minden r\u00e9sztvev\u0151j\u00e9re \u00e9rv\u00e9nyesek, amelyekre egy\u00e9rtelm\u0171en vonatkoznak. Sz\u00fcks\u00e9g eset\u00e9n a Szervez\u0151 a jelen \u00c1ltal\u00e1nos Szerz\u0151d\u00e9si Felt\u00e9telek \u00e9rtelmez\u00e9s\u00e9r\u0151l gondoskodik. <\/li>\n\n\n\n<li>R\u00e9sztvev\u0151k\u00e9nt b\u00e1rki jogosult a rendezv\u00e9nyen r\u00e9szt venni, aki megfelel a Szervez\u0151 \u00e1ltal a jelen \u00c1ltal\u00e1nos Szerz\u0151d\u00e9si Felt\u00e9telekben \u00e9s a Szervez\u0151 \u00e1ltal a rendezv\u00e9nyre kiadott egy\u00e9b dokumentumokban meghat\u00e1rozott valamennyi k\u00f6vetelm\u00e9nynek.<\/li>\n\n\n\n<li>A Szervez\u0151 fenntartja a jogot, hogy saj\u00e1t bel\u00e1t\u00e1sa szerint \u00e9s el\u0151zetes k\u00f6zz\u00e9t\u00e9tel n\u00e9lk\u00fcl k\u00fcl\u00f6nleges felt\u00e9teleket \u00e1llap\u00edtson meg a r\u00e9sztvev\u0151k csoportjai sz\u00e1m\u00e1ra az egyes esem\u00e9nyeken.<\/li>\n<\/ol>\n\n<h2 class=\"wp-block-heading\"><strong>II. Az alapvet\u0151 fogalmak meghat\u00e1roz\u00e1sa <\/strong><\/h2>\n\n<ul class=\"wp-block-list\">\n<li>Javaslatok &#8211; a Rendezv\u00e9nyszervez\u0151 \u00e1ltal \u00edr\u00e1sban kiadott k\u00f6telez\u0151 \u00e9rv\u00e9ny\u0171 felt\u00e9telek, utas\u00edt\u00e1sok \u00e9s inform\u00e1ci\u00f3k, amelyek t\u00f6bbek k\u00f6z\u00f6tt az egyes Rendezv\u00e9nyek regisztr\u00e1ci\u00f3j\u00e1ra, lebonyol\u00edt\u00e1s\u00e1ra \u00e9s \u00e9rt\u00e9kel\u00e9s\u00e9re vonatkoznak.<\/li>\n\n\n\n<li>Rendezv\u00e9ny r\u00e9sztvev\u0151je &#8211; olyan term\u00e9szetes szem\u00e9ly, aki megfelel a Rendezv\u00e9ny egyes verseny- vagy nem versenyszer\u0171 szak\u00e1gaiban val\u00f3 r\u00e9szv\u00e9tel felt\u00e9teleinek.<\/li>\n\n\n\n<li>Diszcipl\u00edna &#8211; olyan versenyszer\u0171 vagy nem versenyszer\u0171 esem\u00e9nyprogram, amely vil\u00e1gosan meghat\u00e1rozott \u00e9s megk\u00fcl\u00f6nb\u00f6ztethet\u0151 param\u00e9terekkel rendelkezik, mint p\u00e9ld\u00e1ul a p\u00e1lya hossza, az \u00fatvonal elhelyezked\u00e9se, a rajt\/c\u00e9l nap, id\u0151 \u00e9s hely, az eredm\u00e9nyek m\u00e9r\u00e9s\u00e9nek \u00e9s \u00e9rt\u00e9kel\u00e9s\u00e9nek m\u00f3dja, a r\u00e9szv\u00e9teli felt\u00e9telek \u00e9s egy\u00e9b sz\u00fcks\u00e9ges inform\u00e1ci\u00f3k, amelyek az esem\u00e9nyek ilyen programelem\u00e9t jellemzik.<\/li>\n\n\n\n<li>Csoportszab\u00e1lyzat &#8211; a Rendezv\u00e9ny versenyszer\u0171 vagy nem versenyszer\u0171 programja, amely a Javaslatokban meghat\u00e1rozott sz\u00e1m\u00fa R\u00e9sztvev\u0151b\u0151l \u00e1ll\u00f3 csapatok sz\u00e1m\u00e1ra k\u00e9sz\u00fclt.<\/li>\n\n\n\n<li>Regisztr\u00e1ci\u00f3 &#8211; a Rendezv\u00e9nyekre val\u00f3 online regisztr\u00e1ci\u00f3 a Szervez\u0151 honlapj\u00e1n<a href=\"https:\/\/www.oktoberfestrun.sk\">(www.oktoberfestrun.sk<\/a>) k\u00f6zz\u00e9tett elektronikus regisztr\u00e1ci\u00f3s \u0171rlap seg\u00edts\u00e9g\u00e9vel.<\/li>\n\n\n\n<li>Megrendel\u00e9s &#8211; az online regisztr\u00e1ci\u00f3s folyamat sor\u00e1n l\u00e9trehozott dokumentum, amely tartalmazza az El\u0151fizet\u0151re vonatkoz\u00f3 inform\u00e1ci\u00f3kat, a regisztr\u00e1ci\u00f3 \u00e1r\u00e1t, bele\u00e9rtve a kiv\u00e1lasztott kieg\u00e9sz\u00edt\u0151 szolg\u00e1ltat\u00e1sokat vagy \u00e1rukat, valamint a Megrendel\u00e9s kifizet\u00e9s\u00e9hez sz\u00fcks\u00e9ges adatokat.<\/li>\n\n\n\n<li>Jelentkez\u00e9si lap &#8211; a jelentkez\u00e9si lap sikeres kit\u00f6lt\u00e9se \u00e9s beny\u00fajt\u00e1sa ut\u00e1n az online regisztr\u00e1ci\u00f3s folyamat sor\u00e1n l\u00e9trehozott elektronikus dokumentum.<\/li>\n\n\n\n<li>Nevez\u00e9si d\u00edj &#8211; a Szervez\u0151 \u00e1ltal az Aj\u00e1nlatokban vagy m\u00e1s hasonl\u00f3 dokumentumban meghat\u00e1rozott p\u00e9nz\u00fcgyi d\u00edj, amelyet a R\u00e9sztvev\u0151 a regisztr\u00e1ci\u00f3s folyamat r\u00e9szek\u00e9nt fizet be a Szervez\u0151 sz\u00e1ml\u00e1j\u00e1ra.<\/li>\n\n\n\n<li>V\u00e1ltoz\u00f3 szimb\u00f3lum &#8211; a rendszer \u00e1ltal gener\u00e1lt sz\u00e1m, amelyet a Rendezv\u00e9nyre val\u00f3 regisztr\u00e1ci\u00f3kor a Szervez\u0151 weboldal\u00e1n a R\u00e9sztvev\u0151h\u00f6z rendelnek a Nevez\u00e9si d\u00edj befizet\u00e9s\u00e9nek azonos\u00edt\u00e1sa c\u00e9lj\u00e1b\u00f3l.<\/li>\n\n\n\n<li>A R\u00e9sztvev\u0151 bemutat\u00e1sa &#8211; a R\u00e9sztvev\u0151 jelenl\u00e9te a folyamat sor\u00e1n, amelynek sor\u00e1n a Szervez\u0151 egy el\u0151re meghat\u00e1rozott helyen \u00e9s id\u0151ben a R\u00e9sztvev\u0151knek rajtsz\u00e1mot vagy m\u00e1s r\u00e9szv\u00e9teli azonos\u00edt\u00f3t ad ki, \u00e9s a Rendezv\u00e9nyek R\u00e9sztvev\u0151inek sz\u00f3l\u00f3 javaslatokban \u00e9s ir\u00e1nymutat\u00e1sokban meghat\u00e1rozott egy\u00e9b inform\u00e1ci\u00f3kat, szolg\u00e1ltat\u00e1sokat \u00e9s t\u00e1rgyi eszk\u00f6z\u00f6ket biztos\u00edt sz\u00e1mukra.<\/li>\n\n\n\n<li>Kezd\u0151nap &#8211; az egyes Diszcipl\u00edn\u00e1k kezd\u0151napj\u00e1nak az a kezd\u0151nap \u00e9s -id\u0151pont tekintend\u0151, amelyet az adott \u00e9vben az egyes Esem\u00e9nyekre kiadott Aj\u00e1nlatban vagy m\u00e1s hasonl\u00f3 dokumentumban hat\u00e1roztak meg. Ez a d\u00e1tum szolg\u00e1l alapul a hat\u00e1rid\u0151k betart\u00e1s\u00e1nak meg\u00edt\u00e9l\u00e9s\u00e9hez az ezen \u00c1ltal\u00e1nos Felt\u00e9telek szerinti k\u00fcl\u00f6nleges esetekben, p\u00e9ld\u00e1ul ha a R\u00e9sztvev\u0151 a regisztr\u00e1ci\u00f3j\u00e1nak m\u00f3dos\u00edt\u00e1s\u00e1t k\u00e9ri stb. <\/li>\n<\/ul>\n\n<h2 class=\"wp-block-heading\"><strong>III. Regisztr\u00e1ci\u00f3 az esem\u00e9nyekre <\/strong><\/h2>\n\n<ol class=\"wp-block-list\">\n<li>A Rendezv\u00e9nyre t\u00f6rt\u00e9n\u0151 regisztr\u00e1ci\u00f3 egy \u00edr\u00e1sbeli elj\u00e1r\u00e1s, amely kapcsolatot hoz l\u00e9tre a Szervez\u0151 \u00e9s a Rendezv\u00e9ny R\u00e9sztvev\u0151jek\u00e9nt meghat\u00e1rozott szem\u00e9ly k\u00f6z\u00f6tt. Ezt a kapcsolatot nem helyettes\u00edtheti a R\u00e9sztvev\u0151 r\u00e9sz\u00e9r\u0151l egy m\u00e1sik term\u00e9szetes vagy jogi szem\u00e9ly k\u00e9pviselete, m\u00e9g akkor sem, ha ez a harmadik f\u00e9l sportegyes\u00fcletk\u00e9nt, munk\u00e1ltat\u00f3k\u00e9nt, szponzork\u00e9nt vagy m\u00e1s m\u00f3don kapcsol\u00f3dik a R\u00e9sztvev\u0151h\u00f6z. <\/li>\n\n\n\n<li>Az esem\u00e9nyekre csak \u00fagy lehet jelentkezni, ha el\u0151zetesen regisztr\u00e1lnak a k\u00f6vetkez\u0151 form\u00e1ban<a href=\"http:\/\/registration.kosicemarathon.com\"> <\/a>Online regisztr\u00e1ci\u00f3, amely a szervez\u0151 weboldal\u00e1n \u00e9rhet\u0151 el.<a href=\"https:\/\/www.kosicemarathon.com\/\"> <\/a><a href=\"https:\/\/www.oktoberfestrun.sk\">www.oktoberfestrun.sk.<\/a> A fent eml\u00edtett weboldalon tal\u00e1lhat\u00f3 online regisztr\u00e1ci\u00f3 tartalmaz egy fizet\u00e9si rendszert a nevez\u00e9si d\u00edj (&#8222;Nevez\u00e9si d\u00edj&#8221;) befizet\u00e9s\u00e9re, amennyiben az Esem\u00e9nyre vonatkozik. <\/li>\n\n\n\n<li>A regisztr\u00e1ci\u00f3s folyamatb\u00f3l a jelen \u00c1ltal\u00e1nos Szerz\u0151d\u00e9si Felt\u00e9telek II. cikk\u00e9vel \u00f6sszhangban megrendel\u00e9s \u00e9s jelentkez\u00e9si lap k\u00e9sz\u00fcl. A R\u00e9sztvev\u0151 a Jelentkez\u00e9s regisztr\u00e1ci\u00f3j\u00e1t a Szervez\u0151 oldal\u00e1n a Szervez\u0151 weboldal\u00e1n a regisztr\u00e1lt r\u00e9sztvev\u0151k list\u00e1j\u00e1ban ellen\u0151rizheti, hacsak a Rendezv\u00e9nyre vonatkoz\u00f3an m\u00e1sk\u00e9nt nem hat\u00e1roznak.  <\/li>\n\n\n\n<li>K\u00f6zvetlen\u00fcl a rendezv\u00e9nyen, a r\u00e9sztvev\u0151k bemutat\u00f3hely\u00e9n vagy m\u00e1s kijel\u00f6lt helysz\u00ednen t\u00f6rt\u00e9n\u0151 regisztr\u00e1ci\u00f3 csak akkor lehets\u00e9ges, ha a Szervez\u0151 kifejezetten hozz\u00e1j\u00e1rult ehhez az elj\u00e1r\u00e1shoz.<\/li>\n\n\n\n<li>A Szervez\u0151nek jog\u00e1ban \u00e1ll a regisztr\u00e1lt r\u00e9sztvev\u0151k sz\u00e1m\u00e1t az egyes versenysz\u00e1mokban el\u0151zetesen vagy a regisztr\u00e1ci\u00f3 id\u0151pontj\u00e1ban kapacit\u00e1sbeli, biztons\u00e1gi, logisztikai vagy egy\u00e9b okokb\u00f3l korl\u00e1tozni, valamint jog\u00e1ban \u00e1ll a regisztr\u00e1ci\u00f3t b\u00e1rmikor megsz\u00fcntetni, illetve a megsz\u00fcntet\u00e9s id\u0151pontj\u00e1t m\u00f3dos\u00edtani.<\/li>\n\n\n\n<li>A Rendezv\u00e9nyek r\u00e9sztvev\u0151inek megfelel\u0151en kit\u00f6lt\u00f6tt elektronikus nevez\u00e9si lapjai a Szervez\u0151h\u00f6z val\u00f3 be\u00e9rkez\u00e9s\u00fck sorrendj\u00e9ben ker\u00fclnek be a list\u00e1kba \u00e9s adatb\u00e1zisokba.<\/li>\n\n\n\n<li>Minden Nevez\u0151 csak egy, \u00e1ltala v\u00e1lasztott versenysz\u00e1mra regisztr\u00e1lhat. A Szervez\u0151 a Felaj\u00e1nl\u00e1sokban foglalt rendelkez\u00e9ssel kiv\u00e9telt enged\u00e9lyez, felt\u00e9ve, hogy azok teljes\u00edt\u00e9se nem vesz\u00e9lyezteti a Rendezv\u00e9ny sport-technikai menet\u00e9t \u00e9s nem lehet negat\u00edv hat\u00e1ssal a R\u00e9sztvev\u0151 eg\u00e9szs\u00e9g\u00e9re. A Rendezv\u00e9ny t\u00f6bb Diszcipl\u00edn\u00e1j\u00e1ban r\u00e9sztvev\u0151 R\u00e9sztvev\u0151nek fenntart\u00e1s n\u00e9lk\u00fcl teljes\u00edtenie kell a Rendezv\u00e9ny azon egyes Diszcipl\u00edn\u00e1inak valamennyi felt\u00e9tel\u00e9t, amelyekben r\u00e9szt vesz.  <\/li>\n\n\n\n<li>A csoportos szak\u00e1gak (pl. v\u00e1lt\u00f3 stb.) regisztr\u00e1ci\u00f3j\u00e1t az ilyen szak\u00e1gakra kiadott k\u00fcl\u00f6n ir\u00e1nyelvek szab\u00e1lyozz\u00e1k.<\/li>\n<\/ol>\n\n<h2 class=\"wp-block-heading\"><strong>IV. A rendezv\u00e9nyekre t\u00f6rt\u00e9n\u0151 nevez\u00e9s \u00e9rv\u00e9nyess\u00e9ge \u00e9s elfogad\u00e1sa <\/strong><\/h2>\n\n<ol class=\"wp-block-list\">\n<li>Az a nevez\u00e9si lap, amelyhez nem csatolt\u00e1k a nevez\u00e9si d\u00edj befizet\u00e9s\u00e9t a Szervez\u0151 sz\u00e1ml\u00e1j\u00e1n, hi\u00e1nyosnak min\u0151s\u00fcl. A Szervez\u0151 d\u00f6nt arr\u00f3l, hogy az ilyen nevez\u00e9si lapot a R\u00e9sztvev\u0151vel val\u00f3 tov\u00e1bbi kapcsolattart\u00e1s c\u00e9lj\u00e1b\u00f3l meg\u0151rzi-e. Ebben az esetben a r\u00e9sztvev\u0151 nem jogosult a nevez\u00e9si \u0171rlap meg\u0151rz\u00e9s\u00e9re, \u00e9s nem jogosult az esem\u00e9nyen val\u00f3 indul\u00e1sra, m\u00e9g a k\u00e9sedelmes nevez\u00e9si d\u00edj befizet\u00e9se ut\u00e1n sem. Az \u00e9rv\u00e9nytelen Nevez\u00e9s v\u00e9gleges elb\u00edr\u00e1l\u00e1s\u00e1r\u00f3l sz\u00f3l\u00f3 d\u00f6nt\u00e9s a Szervez\u0151 kiz\u00e1r\u00f3lagos felel\u0151ss\u00e9ge marad.   <\/li>\n\n\n\n<li>A Szervez\u0151nek jog\u00e1ban \u00e1ll nem elfogadni a nevez\u00e9si lapot \u00e9s nem enged\u00e9lyezni a rendezv\u00e9ny megkezd\u00e9s\u00e9t, m\u00e9g akkor sem, ha a nevez\u00e9si d\u00edjat befizett\u00e9k, ha:\n<ol class=\"wp-block-list\">\n<li>A r\u00e9sztvev\u0151 hi\u00e1nyos, pontatlan vagy f\u00e9lrevezet\u0151 inform\u00e1ci\u00f3kat adott meg az ig\u00e9nyl\u0151lapon.<\/li>\n\n\n\n<li>A r\u00e9sztvev\u0151t kor\u00e1bban egy felhatalmazott nemzeti vagy nemzetk\u00f6zi szerv doppingv\u00e9ts\u00e9g miatt el\u00edt\u00e9lte.<\/li>\n\n\n\n<li>A r\u00e9sztvev\u0151t a m\u00faltban kiz\u00e1rt\u00e1k a Szervez\u0151 \u00e1ltal szervezett esem\u00e9nyek valamelyik\u00e9n.<\/li>\n\n\n\n<li>A r\u00e9sztvev\u0151 bizony\u00edtottan a jelen \u00c1ltal\u00e1nos Szerz\u0151d\u00e9si Felt\u00e9teleket vagy a Rendezv\u00e9nyaj\u00e1nlatokat s\u00e9rt\u0151 magatart\u00e1st tan\u00fas\u00edt.<\/li>\n<\/ol>\n<\/li>\n<\/ol>\n\n<h2 class=\"wp-block-heading\"><strong>V. A regisztr\u00e1ci\u00f3 \u00e9s a Start-sz\u00e1m nem \u00e1truh\u00e1zhat\u00f3s\u00e1ga<\/strong><\/h2>\n\n<p>Az esem\u00e9nyeken val\u00f3 r\u00e9szv\u00e9tel szem\u00e9lyes \u00e9s nem \u00e1truh\u00e1zhat\u00f3 jog, amely csak a r\u00e9sztvev\u0151t illeti meg, ha teljes\u00edti az esem\u00e9nyekre val\u00f3 regisztr\u00e1ci\u00f3 valamennyi felt\u00e9tel\u00e9t. A R\u00e9sztvev\u0151 alapvet\u0151 azonos\u00edt\u00f3ja biztons\u00e1gi, eg\u00e9szs\u00e9g\u00fcgyi \u00e9s sporttechnikai szempontb\u00f3l a Szervez\u0151 \u00e1ltal kiadott egyedi rajtsz\u00e1m (kiv\u00e9ve, ha a Rendezv\u00e9nyen m\u00e1s r\u00e9szv\u00e9teli azonos\u00edt\u00f3r\u00f3l d\u00f6ntenek). A Rendezv\u00e9ny R\u00e9sztvev\u0151j\u00e9nek kiosztott rajtsz\u00e1m m\u00e1s szem\u00e9lyre nem ruh\u00e1zhat\u00f3 \u00e1t. Az \u00c1ltal\u00e1nos Szerz\u0151d\u00e9si Felt\u00e9telek ezen rendelkez\u00e9s\u00e9nek megszeg\u00e9se eset\u00e9n a bizony\u00edtottan e rendelkez\u00e9st megszeg\u0151 szem\u00e9lyek a Rendezv\u00e9nyen val\u00f3 kiz\u00e1r\u00e1s, valamint a Rendezv\u00e9nyeken val\u00f3 r\u00e9szv\u00e9telt\u0151l val\u00f3 eltilt\u00e1s kock\u00e1zat\u00e1t kock\u00e1ztatj\u00e1k a j\u00f6v\u0151beni id\u0151szakban.   <\/p>\n\n<h2 class=\"wp-block-heading\"><strong>VI. Ind\u00edt\u00e1si d\u00edjak \u00e9s kapcsol\u00f3d\u00f3 folyamatok <\/strong><\/h2>\n\n<ol class=\"wp-block-list\">\n<li><strong>Az indul\u00e1si d\u00edj \u00f6sszege<\/strong>\n<ol class=\"wp-block-list\">\n<li>Az egyes Versenyek \u00e9s az egyes Versenyek egyes szak\u00e1gai nevez\u00e9si d\u00edj\u00e1nak \u00f6sszeg\u00e9t a Szervez\u0151 a Versenyki\u00edr\u00e1sban vagy m\u00e1s, erre a c\u00e9lra kijel\u00f6lt dokumentumban teszi k\u00f6zz\u00e9.<\/li>\n\n\n\n<li>Az esem\u00e9nyek nevez\u00e9si d\u00edja a v\u00e1lasztott szak\u00e1gt\u00f3l, a regisztr\u00e1ci\u00f3 d\u00e1tum\u00e1t\u00f3l \u00e9s a nevez\u00e9si d\u00edj befizet\u00e9s\u00e9nek d\u00e1tum\u00e1t\u00f3l f\u00fcgg. A R\u00e9sztvev\u0151 k\u00f6teles befizetni a Nevez\u00e9si D\u00edjat az el\u0151\u00edrt \u00f6sszegben azon a napon, amikor az \u00f6sszeg a Szervez\u0151 sz\u00e1ml\u00e1j\u00e1n j\u00f3v\u00e1\u00edr\u00e1sra ker\u00fcl. <\/li>\n\n\n\n<li>A regisztr\u00e1ci\u00f3s folyamat sor\u00e1n a r\u00e9szv\u00e9teli d\u00edjhoz tov\u00e1bbi \u00f6sszegek adhat\u00f3k hozz\u00e1, ha a r\u00e9sztvev\u0151 az online regisztr\u00e1ci\u00f3s folyamat sor\u00e1n felaj\u00e1nlott tov\u00e1bbi szolg\u00e1ltat\u00e1sokat vagy \u00e1rukat rendel. Ebben az esetben a R\u00e9sztvev\u0151nek az el\u0151\u00edrt teljes \u00f6sszeget meg kell fizetnie, ellenkez\u0151 esetben a Nevez\u00e9si d\u00edj a jelen \u00c1ltal\u00e1nos Szerz\u0151d\u00e9si Felt\u00e9telek \u00e9s a Rendezv\u00e9nyen val\u00f3 r\u00e9szv\u00e9tel egy\u00e9b felt\u00e9telei szerinti valamennyi k\u00f6vetkezm\u00e9nnyel egy\u00fctt be nem fizetettnek min\u0151s\u00fcl. <\/li>\n\n\n\n<li>Az el\u0151\u00edrt \u00f6sszegt\u0151l elt\u00e9r\u0151 (azaz alacsonyabb) \u00f6sszeg befizet\u00e9se eset\u00e9n a Szervez\u0151 az ilyen Jelentkez\u00e9st \u00e9rv\u00e9nytelennek tekinti, \u00e9s kiz\u00e1rhatja a tov\u00e1bbi Regisztr\u00e1ci\u00f3s folyamatb\u00f3l.<\/li>\n<\/ol>\n<\/li>\n\n\n\n<li><strong>A nevez\u00e9si d\u00edj befizet\u00e9se<\/strong>\n<ol class=\"wp-block-list\">\n<li><strong>Hitelk\u00e1rty\u00e1val<\/strong><strong><br\/><\/strong><br\/><br\/>A nevez\u00e9si d\u00edj kifizet\u00e9se kiz\u00e1r\u00f3lag bankk\u00e1rty\u00e1val t\u00f6rt\u00e9nhet, kiv\u00e9ve a jelen \u00c1ltal\u00e1nos Szerz\u0151d\u00e9si Felt\u00e9telekben meghat\u00e1rozott kiv\u00e9teleket. A k\u00f6vetkez\u0151 bankk\u00e1rty\u00e1kat fogadjuk el:<\/li>\n<\/ol>\n<\/li>\n<\/ol>\n\n<ul class=\"wp-block-list\">\n<li>Master Card<\/li>\n<\/ul>\n\n<ul class=\"wp-block-list\">\n<li>Master Card Elektronikus<\/li>\n\n\n\n<li>VISA<\/li>\n\n\n\n<li>VISA Electron<\/li>\n\n\n\n<li>Diners Club International.<\/li>\n<\/ul>\n\n<ol start=\"2\" class=\"wp-block-list\">\n<li><strong>Banki \u00e1tutal\u00e1ssal<\/strong><strong><br\/><\/strong>A nevez\u00e9si d\u00edj banki \u00e1tutal\u00e1ssal t\u00f6rt\u00e9n\u0151 megfizet\u00e9se csak a regisztr\u00e1ci\u00f3s k\u00f3dok t\u00f6meges kifizet\u00e9se eset\u00e9n lehets\u00e9ges az ilyen k\u00f3dok ir\u00e1nt \u00e9rdekl\u0151d\u0151 szem\u00e9ly megfelel\u0151 \u00e9s a Szervez\u0151 \u00e1ltal meger\u0151s\u00edtett megb\u00edz\u00e1sa alapj\u00e1n, valamint olyan k\u00fcl\u00f6nleges esetekben, amelyekr\u0151l a Szervez\u0151 egyedileg d\u00f6nt. A Szervez\u0151nek \u00edr\u00e1sban kell hozz\u00e1j\u00e1rulnia az ilyen kifizet\u00e9shez, \u00e9s jogosult tov\u00e1bbi felt\u00e9teleket szabni. <\/li>\n\n\n\n<li><strong>Regisztr\u00e1ci\u00f3s k\u00f3d<\/strong><\/li>\n<\/ol>\n\n<ul class=\"wp-block-list\">\n<li>A nevez\u00e9si d\u00edj regisztr\u00e1ci\u00f3s k\u00f3ddal t\u00f6rt\u00e9n\u0151 befizet\u00e9se azoknak a r\u00e9sztvev\u0151knek sz\u00f3l, akik k\u00f6zvetlen\u00fcl a Szervez\u0151t\u0151l vagy a Rendezv\u00e9ny valamelyik szerz\u0151d\u00e9ses partner\u00e9t\u0151l kapnak ilyen k\u00f3dot.<\/li>\n\n\n\n<li>Az a Nevez\u0151, aki a nevez\u00e9si d\u00edjat regisztr\u00e1ci\u00f3s k\u00f3ddal fizette be, nem jogosult arra, hogy a Nevez\u00e9s\u00e9t (Indul\u00e1s\u00e1t) egy k\u00fcl\u00f6n elj\u00e1r\u00e1s szerint \u00e1truh\u00e1zza egy m\u00e1sik Nevez\u0151re, \u00e9s nem jogosult arra sem, hogy a Nevez\u00e9s\u00e9t (Indul\u00e1s\u00e1t) \u00e1truh\u00e1zza a Rendezv\u00e9ny k\u00f6vetkez\u0151 kiad\u00e1s\u00e1ra.<\/li>\n\n\n\n<li>A regisztr\u00e1ci\u00f3s k\u00f3ddal t\u00f6rt\u00e9n\u0151 fizet\u00e9s eset\u00e9n a r\u00e9sztvev\u0151nek a rendezv\u00e9nyen val\u00f3 r\u00e9szv\u00e9tel\u00e9b\u0151l ered\u0151 valamennyi, a jelen \u00c1ltal\u00e1nos Szerz\u0151d\u00e9si Felt\u00e9telekben meghat\u00e1rozott k\u00f6telezetts\u00e9ge \u00e9s joga \u00e9rv\u00e9nyben marad.<\/li>\n<\/ul>\n\n<p>Csoportos szak\u00e1gak (pl. v\u00e1lt\u00f3 3 x 1\/3 stb.) r\u00e9sztvev\u0151i nevez\u00e9si d\u00edj\u00e1nak befizet\u00e9sekor, vagy ha a r\u00e9sztvev\u0151 a nevez\u00e9si d\u00edjat egy \u00f6sszegben fizeti be a rendezv\u00e9ny t\u00f6bb r\u00e9sztvev\u0151je sz\u00e1m\u00e1ra, a Szervez\u0151 csak azzal a r\u00e9sztvev\u0151vel kommunik\u00e1l a befizet\u00e9s \u00fcgy\u00e9ben, aki az ilyen befizet\u00e9st teljes\u00edtette.<\/p>\n\n<ol start=\"3\" class=\"wp-block-list\">\n<li><strong>A nevez\u00e9si d\u00edj befizet\u00e9se<\/strong><strong><br\/><\/strong> A regisztr\u00e1ci\u00f3 \u00e9s a nevez\u00e9si d\u00edj befizet\u00e9si folyamat\u00e1r\u00f3l sz\u00f3l\u00f3 egy\u00e9ni visszaigazol\u00e1sok (\u00e9rtes\u00edt\u00e9sek) automatikusan gener\u00e1l\u00f3dnak, \u00e9s a r\u00e9sztvev\u0151k e-mail c\u00edm\u00e9re ker\u00fclnek elk\u00fcld\u00e9sre.<\/li>\n<\/ol>\n\n<ul class=\"wp-block-list\">\n<li>Az esem\u00e9nyre val\u00f3 regisztr\u00e1ci\u00f3 visszaigazol\u00e1sa &#8211; a r\u00e9sztvev\u0151 sikeres regisztr\u00e1ci\u00f3j\u00e1nak visszaigazol\u00e1sa az esem\u00e9nyre a v\u00e1lasztott szak\u00e1gban. Ez a visszaigazol\u00e1s kiz\u00e1r\u00f3lag t\u00e1j\u00e9koztat\u00f3 jelleg\u0171, a nevez\u00e9si d\u00edjnak a Szervez\u0151 sz\u00e1ml\u00e1j\u00e1ra t\u00f6rt\u00e9n\u0151 befizet\u00e9se n\u00e9lk\u00fcl. <\/li>\n\n\n\n<li>Megrendel\u00e9s l\u00e9trehoz\u00e1s\u00e1ra vonatkoz\u00f3 inform\u00e1ci\u00f3 &#8211; a Rendezv\u00e9nyre vonatkoz\u00f3 Megrendel\u00e9s sikeres l\u00e9trehoz\u00e1s\u00e1nak \u00e9s beny\u00fajt\u00e1s\u00e1nak meger\u0151s\u00edt\u00e9se. Tartalmazza a kiv\u00e1lasztott Diszcipl\u00edn\u00e1ra \u00e9s a R\u00e9sztvev\u0151 \u00e1ltal a regisztr\u00e1ci\u00f3s folyamat sor\u00e1n megrendelt \u00f6sszes tov\u00e1bbi szolg\u00e1ltat\u00e1sra \u00e9s \u00e1rura vonatkoz\u00f3 inform\u00e1ci\u00f3kat, valamint a fizet\u00e9si r\u00e9szleteket. <\/li>\n\n\n\n<li>Meger\u0151s\u00edt\u00e9s a megrendel\u00e9shez kapott fizet\u00e9sr\u0151l &#8211; a regisztr\u00e1ci\u00f3s rendszer \u00e1ltal gener\u00e1lt ad\u00f3dokumentum, miut\u00e1n a fizet\u00e9st a Megrendel\u00e9shez p\u00e1ros\u00edtott\u00e1k.<\/li>\n<\/ul>\n\n<h2 class=\"wp-block-heading\"><strong>VII. A kezd\u00e9s t\u00f6rl\u00e9se <\/strong><\/h2>\n\n<p><strong>A rajt t\u00f6rl\u00e9s\u00e9nek, a rajt \u00e1thelyez\u00e9s\u00e9nek vagy a Diszcipl\u00edna megv\u00e1ltoztat\u00e1s\u00e1nak lehet\u0151s\u00e9geit mindig az adott versenyki\u00edr\u00e1s \u00e9s a regisztr\u00e1ci\u00f3s felt\u00e9telek szab\u00e1lyozz\u00e1k. Ez\u00e9rt az al\u00e1bbi elj\u00e1r\u00e1sok \u00e9s lehet\u0151s\u00e9gek nem minden esetben \u00e1llnak rendelkez\u00e9sre minden rendezv\u00e9nyen. <\/strong><\/p>\n\n<ol class=\"wp-block-list\">\n<li>Amennyiben a r\u00e9sztvev\u0151 lemondja az indul\u00e1st, a befizetett nevez\u00e9si d\u00edjat a Szervez\u0151 nem t\u00e9r\u00edti vissza.<\/li>\n\n\n\n<li>Az a regisztr\u00e1lt r\u00e9sztvev\u0151, aki nem jelenik meg a r\u00e9sztvev\u0151i bemutat\u00f3n, \u00e9s nem veszi \u00e1t a nevez\u00e9si sz\u00e1m\u00e1t, nem jogosult a nevez\u00e9si d\u00edj visszat\u00e9r\u00edt\u00e9s\u00e9re, sem a r\u00e9szv\u00e9tellel kapcsolatban teljes\u00edtett egy\u00e9b kifizet\u00e9sek visszat\u00e9r\u00edt\u00e9s\u00e9re. Ebben az esetben a Szervez\u0151 nem k\u00f6teles az ilyen R\u00e9sztvev\u0151nek a megrendelt szolg\u00e1ltat\u00e1sokat biztos\u00edtani vagy m\u00e1s m\u00f3don kompenz\u00e1lni, illetve az ilyen R\u00e9sztvev\u0151nek a Rendezv\u00e9ny megkezd\u00e9s\u00e9hez kapcsol\u00f3d\u00f3 t\u00e1rgyi eszk\u00f6z\u00f6ket \u00e9s t\u00e1rgyakat \u00e1tadni vagy m\u00e1s m\u00f3don \u00e1tadni. <\/li>\n\n\n\n<li>A rajt t\u00f6rl\u00e9s\u00e9nek, a rajt \u00e1thelyez\u00e9s\u00e9nek vagy a versenysz\u00e1m megv\u00e1ltoztat\u00e1s\u00e1nak lehet\u0151s\u00e9geit mindig az adott versenyszab\u00e1lyzat szab\u00e1lyozza.<\/li>\n<\/ol>\n\n<h2 class=\"wp-block-heading\"><strong>VIII. Kommunik\u00e1ci\u00f3 a szervez\u0151 \u00e9s a r\u00e9sztvev\u0151 k\u00f6z\u00f6tt <\/strong><\/h2>\n\n<ol class=\"wp-block-list\">\n<li>A Szervez\u0151 \u00e9s a R\u00e9sztvev\u0151 k\u00f6z\u00f6tti kapcsolattart\u00e1s m\u00f3dja a R\u00e9sztvev\u0151 jelentkez\u00e9si lapj\u00e1n megadott hiteles e-mail c\u00edmen, valamint a Szervez\u0151nek a Szervez\u0151 honlapj\u00e1n \u00e9s a Rendezv\u00e9nyaj\u00e1nlatokban megadott e-mail c\u00edm\u00e9n alapul.<\/li>\n\n\n\n<li>A Szervez\u0151 a r\u00e9sztvev\u0151t a Rendezv\u00e9nnyel kapcsolatos minden l\u00e9nyeges k\u00e9rd\u00e9sr\u0151l a hiteles e-mail c\u00edm\u00e9re k\u00fcld\u00f6tt \u00fczenetek \u00fatj\u00e1n t\u00e1j\u00e9koztatja.<\/li>\n\n\n\n<li>A Szervez\u0151 nem v\u00e1llal felel\u0151ss\u00e9get az\u00e9rt, ha a R\u00e9sztvev\u0151 e-mail c\u00edme nem helyes vagy nem friss\u00edtett az ilyen inform\u00e1ci\u00f3k fogad\u00e1s\u00e1ra.<\/li>\n\n\n\n<li>A Szervez\u0151 nem v\u00e1llal felel\u0151ss\u00e9get az\u00e9rt, ha a R\u00e9sztvev\u0151 e-mail c\u00edme helytelen, vagy nem friss\u00edtett\u00e9k az ilyen inform\u00e1ci\u00f3k fogad\u00e1s\u00e1ra.<\/li>\n\n\n\n<li>A Szervez\u0151 kapacit\u00e1si okokb\u00f3l nem tudja garant\u00e1lni, hogy a R\u00e9sztvev\u0151 \u00e1ltal a Szervez\u0151 e-mail c\u00edm\u00e9re, a Szervez\u0151 tev\u00e9kenys\u00e9g\u00e9vel kapcsolatos egy\u00e9b c\u00edmekre (Facebook, Instagram, &#8230;) k\u00fcld\u00f6tt k\u00e9rd\u00e9sekre \u00e9s k\u00e9r\u00e9sekre, illetve a Szervez\u0151 sz\u00e9khely\u00e9re ir\u00e1nyul\u00f3 telefonos megkeres\u00e9sek kezel\u00e9s\u00e9re a Szervez\u0151 nem tud v\u00e1laszolni.<\/li>\n\n\n\n<li>A Szervez\u0151 azt aj\u00e1nlja, hogy a R\u00e9sztvev\u0151k figyelmesen olvass\u00e1k el a Rendezv\u00e9nyekhez kiadott \u00f6sszes vonatkoz\u00f3 dokumentumot, hogy elker\u00fclj\u00e9k az egy\u00e9b kommunik\u00e1ci\u00f3s form\u00e1k sz\u00fcks\u00e9gess\u00e9g\u00e9t. Ilyen dokumentumok t\u00f6bbek k\u00f6z\u00f6tt: \n<ol class=\"wp-block-list\">\n<li>\u00c1ltal\u00e1nos felt\u00e9telek,<\/li>\n\n\n\n<li>Javaslatok,<\/li>\n\n\n\n<li>V\u00e9gs\u0151 utas\u00edt\u00e1sok,<\/li>\n\n\n\n<li>Gyakran ism\u00e9telt k\u00e9rd\u00e9sek,<\/li>\n\n\n\n<li>Rendezv\u00e9nyek programja,<\/li>\n\n\n\n<li>H\u00edrlevelek Esem\u00e9nyek.<\/li>\n<\/ol>\n<\/li>\n<\/ol>\n\n<h2 class=\"wp-block-heading\"><strong>IX. A R\u00e9sztvev\u0151 \u00e1ltal a nevez\u00e9si d\u00edj befizet\u00e9s\u00e9\u00e9rt ny\u00fajtott teljes\u00edt\u00e9s <\/strong><\/h2>\n\n<ol class=\"wp-block-list\">\n<li>A Szervez\u0151 \u00e9vente meghat\u00e1rozza a rendezv\u00e9nyek megfelel\u0151en regisztr\u00e1lt r\u00e9sztvev\u0151i sz\u00e1m\u00e1ra ny\u00fajtand\u00f3 szolg\u00e1ltat\u00e1sok \u00e9s anyagi term\u00e9kek k\u00f6r\u00e9t. Ezt a teljes\u00edtm\u00e9nyt a Szervez\u0151 honlapj\u00e1n teszi k\u00f6zz\u00e9. A Szervez\u0151 sz\u00fcks\u00e9g eset\u00e9n a regisztr\u00e1lt R\u00e9sztvev\u0151k \u00f6sszl\u00e9tsz\u00e1m\u00e1t\u00f3l vagy a Rendezv\u00e9nyre t\u00f6rt\u00e9n\u0151 regisztr\u00e1ci\u00f3 id\u0151pontj\u00e1t\u00f3l f\u00fcgg\u0151en meghat\u00e1rozhatja e teljes\u00edt\u00e9s korl\u00e1tozott sz\u00e1m\u00e1t, min\u0151s\u00e9g\u00e9t vagy egy\u00e9b param\u00e9ter\u00e9t.  <\/li>\n\n\n\n<li>A r\u00e9sztvev\u0151 nem jogosult a rendezv\u00e9nyek keret\u00e9ben a rendezv\u00e9nyek partnerei \u00e1ltal aj\u00e1nd\u00e9kk\u00e9nt vagy szponzori juttat\u00e1sk\u00e9nt ny\u00fajtott szolg\u00e1ltat\u00e1sokra vagy t\u00e1rgyi term\u00e9kekre, ha a partner \u00e9s a szervez\u0151 k\u00f6z\u00f6tt meghat\u00e1rozott sz\u00e1m\u00fa ilyen juttat\u00e1s kimer\u00fclt.<\/li>\n<\/ol>\n\n<h2 class=\"wp-block-heading\"><strong>X. A r\u00e9sztvev\u0151k biztons\u00e1ga<\/strong><\/h2>\n\n<p>A Rendezv\u00e9nyek r\u00e9sztvev\u0151inek biztons\u00e1gi k\u00e9rd\u00e9seit az al\u00e1bbiak szerint szab\u00e1lyozz\u00e1k:<\/p>\n\n<ol class=\"wp-block-list\">\n<li>Az esem\u00e9nyekre minden id\u0151j\u00e1r\u00e1si k\u00f6r\u00fclm\u00e9nyek k\u00f6z\u00f6tt sor ker\u00fcl. A Szervez\u0151 azonban fenntartja a jogot, hogy a Rendezv\u00e9nyt t\u00f6r\u00f6lje vagy felf\u00fcggessze olyan s\u00falyos vesz\u00e9lyhelyzetek eset\u00e9n, mint p\u00e9ld\u00e1ul, de nem kiz\u00e1r\u00f3lagosan, a leveg\u0151 h\u0151m\u00e9rs\u00e9klet\u00e9nek sz\u00e9ls\u0151s\u00e9ges ingadoz\u00e1sa, egy\u00e9bk\u00e9nt rendk\u00edv\u00fcl zord id\u0151j\u00e1r\u00e1s, terrort\u00e1mad\u00e1s vesz\u00e9lye \u00e9s egy\u00e9b el\u0151re nem l\u00e1that\u00f3 esem\u00e9nyek \u00e9s k\u00f6r\u00fclm\u00e9nyek, amelyek vesz\u00e9lyeztethetik a r\u00e9sztvev\u0151k, a szervez\u0151 csapatok tagjai \u00e9s a n\u00e9z\u0151k eg\u00e9szs\u00e9g\u00e9t \u00e9s biztons\u00e1g\u00e1t. Ebben az esetben a R\u00e9sztvev\u0151 nem jogosult a nevez\u00e9si d\u00edj visszat\u00e9r\u00edt\u00e9s\u00e9re.  <\/li>\n\n\n\n<li>A Rendezv\u00e9nyen val\u00f3 r\u00e9szv\u00e9tellel kapcsolatos szervez\u00e9si \u00e9s biztons\u00e1gi utas\u00edt\u00e1sokat a Szervez\u0151 megfelel\u0151 m\u00f3don (e-mailben, a Szervez\u0151 honlapj\u00e1n, a Rendezv\u00e9ny h\u00edrlevel\u00e9ben, &#8230;) id\u0151ben a Rendezv\u00e9ny el\u0151tt k\u00f6zli a Rendezv\u00e9ny r\u00e9sztvev\u0151ivel. Minden Rendezv\u00e9ny R\u00e9sztvev\u0151je k\u00f6teles betartani ezeket az utas\u00edt\u00e1sokat \u00e9s az azokb\u00f3l ered\u0151 int\u00e9zked\u00e9seket. <\/li>\n\n\n\n<li>A Rendezv\u00e9ny minden r\u00e9sztvev\u0151je k\u00f6teles tiszteletben tartani \u00e9s k\u00f6vetni a Szervez\u0151csapat kijel\u00f6lt tagjainak \u00e9s a Rendezv\u00e9nyszervez\u0151knek az utas\u00edt\u00e1sait a Rendezv\u00e9ny teljes id\u0151tartama alatt.<\/li>\n\n\n\n<li>Tilos b\u00e1rmilyen olyan technikai felszerel\u00e9s vagy eszk\u00f6z haszn\u00e1lata, amely el\u0151nyben r\u00e9szes\u00edtheti a r\u00e9sztvev\u0151t, vagy zavarhatja a t\u00f6bbi r\u00e9sztvev\u0151t, illetve vesz\u00e9lyeztetheti a r\u00e9sztvev\u0151k \u00e9s a n\u00e9z\u0151k eg\u00e9szs\u00e9g\u00e9t. A versenyz\u0151k ker\u00e9kp\u00e1rral, ker\u00e9kp\u00e1rrollerrel, g\u00f6rdeszk\u00e1val, rollerrel, g\u00f6rkorcsoly\u00e1val \u00e9s egy\u00e9b sport- \u00e9s j\u00e1r\u00e1sseg\u00edt\u0151 eszk\u00f6z\u00f6kkel val\u00f3 r\u00e9szv\u00e9tele szigor\u00faan tilos. <\/li>\n\n\n\n<li>A versenyz\u0151nek gyermek\u00e9vel a kocsiban val\u00f3 r\u00e9szv\u00e9tele szint\u00e9n tilos a verseny minden szak\u00e1g\u00e1ban, hacsak az adott versenyszab\u00e1lyzat m\u00e1sk\u00e9nt nem rendelkezik.<\/li>\n\n\n\n<li>Inline g\u00f6rkorcsolya, k\u00e9ziker\u00e9kp\u00e1r \u00e9s kerekessz\u00e9k haszn\u00e1lata a fogyat\u00e9kkal \u00e9l\u0151 r\u00e9sztvev\u0151k sz\u00e1m\u00e1ra csak a kifejezetten erre a c\u00e9lra kialak\u00edtott szak\u00e1gakban enged\u00e9lyezett.<\/li>\n\n\n\n<li>Tilos a Nevez\u0151ket m\u00e1s szem\u00e9lyekkel a Verseny \u00fatvonal\u00e1n gyalog, futva, ker\u00e9kp\u00e1rral vagy hasonl\u00f3 k\u00f6zleked\u00e9si eszk\u00f6z\u00f6kkel k\u00eds\u00e9rni, \u00e9s ez a k\u00eds\u00e9r\u0151 kiz\u00e1r\u00e1s\u00e1t vonhatja maga ut\u00e1n. A p\u00e1ly\u00e1n csak a Szervez\u0151 \u00e1ltal akkredit\u00e1lt \u00e9s megfelel\u0151en azonos\u00edtott szem\u00e9lyek k\u00f6zlekedhetnek ker\u00e9kp\u00e1rral vagy hasonl\u00f3 k\u00f6zleked\u00e9si eszk\u00f6zzel a Szervez\u0151 \u00e1ltal meghat\u00e1rozott feladatok elv\u00e9gz\u00e9se c\u00e9lj\u00e1b\u00f3l. <\/li>\n\n\n\n<li>Abban az esetben, ha egy r\u00e9sztvev\u0151 bizony\u00edthat\u00f3an nem tartotta be az adott Versenyfegyelem el\u0151\u00edrt menet\u00e9t, zavarta a r\u00e9sztvev\u0151k \u00e9s\/vagy a n\u00e9z\u0151k biztons\u00e1g\u00e1t, vagy m\u00e1s m\u00f3don sportszer\u0171tlen\u00fcl viselkedett, a Szervez\u0151 jogosult a r\u00e9sztvev\u0151t a verseny folytat\u00e1s\u00e1t\u00f3l eltiltani \u00e9s kiz\u00e1rni a versenyb\u0151l.<\/li>\n\n\n\n<li>A r\u00e9sztvev\u0151 kiz\u00e1r\u00e1sa akkor is lehets\u00e9ges, ha a r\u00e9sztvev\u0151 befejezi a versenyt, \u00e9s ut\u00f3lag bizony\u00edtja az ilyen magatart\u00e1st. A kiz\u00e1r\u00e1ssal kapcsolatos k\u00e9rd\u00e9sekben a Szervez\u0151 az atl\u00e9tika szab\u00e1lyait a World Athletics (WA) \u00e9s a Szlov\u00e1k Atl\u00e9tikai Sz\u00f6vets\u00e9g (SAZ) vonatkoz\u00f3 dokumentumai \u00e1ltal m\u00f3dos\u00edtott atl\u00e9tikai szab\u00e1lyok szerint szab\u00e1lyozza a jelen \u00c1ltal\u00e1nos Felt\u00e9teleken k\u00edv\u00fcl. <\/li>\n\n\n\n<li>A Rendezv\u00e9nyeg\u00e9szs\u00e9g\u00fcgyi Szolg\u00e1lat tagjai jogosultak megtiltani a r\u00e9sztvev\u0151nek, hogy megkezdje vagy folytassa a rendezv\u00e9nyen val\u00f3 r\u00e9szv\u00e9telt, ha ez a r\u00e9sztvev\u0151 eg\u00e9szs\u00e9g\u00e9nek v\u00e9delme \u00e9rdek\u00e9ben sz\u00fcks\u00e9ges, a r\u00e9sztvev\u0151 eg\u00e9szs\u00e9gi \u00e1llapot\u00e1nak a Rendezv\u00e9nyeg\u00e9szs\u00e9g\u00fcgyi Szolg\u00e1lat szakk\u00e9pzett tagja \u00e1ltal v\u00e9gzett objekt\u00edv \u00e9rt\u00e9kel\u00e9se alapj\u00e1n.<\/li>\n<\/ol>\n\n<h2 class=\"wp-block-heading\"><strong>XI. A felel\u0151ss\u00e9g kiz\u00e1r\u00e1sa <\/strong><\/h2>\n\n<ol class=\"wp-block-list\">\n<li>Abban az esetben, ha a Szervez\u0151 a Rendezv\u00e9ny kezdete el\u0151tt vagy a Rendezv\u00e9ny alatt vis maior, id\u0151j\u00e1r\u00e1s, h\u00e1bor\u00fa, terrorizmus vagy b\u00e1rmilyen m\u00e1s fenyeget\u00e9s miatt k\u00e9nytelen lemondani a Rendezv\u00e9nyt, a r\u00e9sztvev\u0151k nem jogosultak a nevez\u00e9si d\u00edj visszat\u00e9r\u00edt\u00e9s\u00e9re. Ez a rendelkez\u00e9s azon a t\u00e9nyen alapul, hogy a Szervez\u0151nek a Rendezv\u00e9ny el\u0151k\u00e9sz\u00edt\u00e9s\u00e9vel kapcsolatos k\u00f6lts\u00e9gei a Rendezv\u00e9ny t\u00e9nyleges lemond\u00e1s\u00e1t megel\u0151z\u0151en mer\u00fcltek fel. <\/li>\n\n\n\n<li>Az esem\u00e9nyeken minden r\u00e9sztvev\u0151 saj\u00e1t felel\u0151ss\u00e9g\u00e9re indul. A Szervez\u0151 nem v\u00e1llal felel\u0151ss\u00e9get a Rendezv\u00e9nyen val\u00f3 r\u00e9szv\u00e9tellel, illetve a R\u00e9sztvev\u0151nek a Rendezv\u00e9ny helysz\u00edn\u00e9re t\u00f6rt\u00e9n\u0151 utaz\u00e1s\u00e1val \u00e9s ott tart\u00f3zkod\u00e1s\u00e1val kapcsolatos anyagi k\u00e1rok\u00e9rt, vagyonveszt\u00e9s\u00e9rt vagy eg\u00e9szs\u00e9gk\u00e1rosod\u00e1s\u00e9rt. A R\u00e9sztvev\u0151 felel\u0151ss\u00e9ge, hogy gondoskodjon megfelel\u0151 orvosi vizsg\u00e1latr\u00f3l, t\u00e1j\u00e9koz\u00f3djon az eg\u00e9szs\u00e9gi \u00e1llapot\u00e1r\u00f3l a Rendezv\u00e9ny b\u00e1rmely Diszcipl\u00edn\u00e1j\u00e1ban val\u00f3 r\u00e9szv\u00e9telre vonatkoz\u00f3 d\u00f6nt\u00e9s\u00e9vel kapcsolatban. A Szervez\u0151 minden esetben k\u00f6telez\u0151nek \u00e9s relev\u00e1nsnak tekinti a R\u00e9sztvev\u0151nek a Rendezv\u00e9nyre val\u00f3 jelentkez\u00e9si lapon megadott nyilatkozat\u00e1t az eg\u00e9szs\u00e9gi \u00e1llapot\u00e1r\u00f3l \u00e9s a v\u00e1lasztott Diszcipl\u00edn\u00e1ra val\u00f3 felk\u00e9sz\u00fclts\u00e9g\u00e9r\u0151l.   <\/li>\n\n\n\n<li>A rendezv\u00e9nyek minden r\u00e9sztvev\u0151je egy\u00e9nileg \u00e9s saj\u00e1t nev\u00e9ben balesetbiztos\u00edt\u00e1st, eg\u00e9szs\u00e9gbiztos\u00edt\u00e1st, eg\u00e9szs\u00e9g\u00fcgyi k\u00f6lts\u00e9gbiztos\u00edt\u00e1st vagy m\u00e1s t\u00edpus\u00fa biztos\u00edt\u00e1st k\u00f6t saj\u00e1t bel\u00e1t\u00e1sa szerint.<\/li>\n<\/ol>\n\n<h2 class=\"wp-block-heading\"><strong>XII. Adatv\u00e9delem \u00e9s kapcsol\u00f3d\u00f3 folyamatok <\/strong><\/h2>\n\n<ol class=\"wp-block-list\">\n<li>A Szervez\u0151 a R\u00e9sztvev\u0151k szem\u00e9lyes adatait az Eur\u00f3pai Parlament \u00e9s a Tan\u00e1cs 2016\/679 sz\u00e1m\u00fa rendelete (GDPR) \u00e9s a szem\u00e9lyes adatok v\u00e9delm\u00e9r\u0151l sz\u00f3l\u00f3 18\/2018. sz\u00e1m\u00fa t\u00f6rv\u00e9ny alapj\u00e1n kezeli. <\/li>\n\n\n\n<li>A Szervez\u0151 kijelenti, hogy minden szem\u00e9lyes adat bizalmas, \u00e9s kiz\u00e1r\u00f3lag a R\u00e9sztvev\u0151 \u00e1ltal kiadott \u00e9s a Szervez\u0151 \u00e1ltal visszaigazolt megrendel\u00e9s teljes\u00edt\u00e9s\u00e9re, a R\u00e9sztvev\u0151nek a Szervez\u0151 \u00e9s szerz\u0151d\u00e9ses partnereinek a Rendezv\u00e9nyek projekt keret\u00e9ben t\u00f6rt\u00e9n\u0151 tov\u00e1bbi l\u00e9p\u00e9seir\u0151l \u00e9s tev\u00e9kenys\u00e9geir\u0151l val\u00f3 t\u00e1j\u00e9koztat\u00e1s\u00e1ra ker\u00fcl felhaszn\u00e1l\u00e1sra.<\/li>\n\n\n\n<li>A szem\u00e9lyes adatok feldolgoz\u00e1s\u00e1nak felt\u00e9telei \u00e9s azon konkr\u00e9t szem\u00e9lyes adatok le\u00edr\u00e1sa, amelyek feldolgoz\u00e1s\u00e1hoz a r\u00e9sztvev\u0151 hozz\u00e1j\u00e1rul,<a href=\"https:\/\/oktoberfestrun.sk\/ochrana-osobnych-udajov\/\"> itt<\/a> tal\u00e1lhat\u00f3.<\/li>\n\n\n\n<li>A R\u00e9sztvev\u0151r\u0151l az esem\u00e9nyeken val\u00f3 r\u00e9szv\u00e9tel\u00e9vel kapcsolatos f\u00e9nyk\u00e9pek, filmfelv\u00e9telek, interj\u00fak \u00e9s egy\u00e9b felv\u00e9telek a Szervez\u0151 rendelkez\u00e9s\u00e9re \u00e1llnak. A Szervez\u0151 fenntartja a jogot, hogy az eml\u00edtett felv\u00e9teleket archiv\u00e1lja \u00e9s nyilv\u00e1nosan k\u00f6zz\u00e9tegye minden form\u00e1ban. Ilyen k\u00f6zz\u00e9t\u00e9tel eset\u00e9n a R\u00e9sztvev\u0151nek semmilyen jogi, p\u00e9nz\u00fcgyi, anyagi vagy egy\u00e9b k\u00f6vetel\u00e9se nem keletkezik.  <\/li>\n<\/ol>\n\n<h2 class=\"wp-block-heading\"><strong>XIII. Z\u00e1r\u00f3 \u00e9s k\u00fcl\u00f6n\u00f6s rendelkez\u00e9sek <\/strong><\/h2>\n\n<p>A jelen \u00c1ltal\u00e1nos Szerz\u0151d\u00e9si Felt\u00e9telek 2024.12.15-\u00e9n l\u00e9pnek hat\u00e1lyba, \u00e9s id\u0151beli korl\u00e1toz\u00e1s n\u00e9lk\u00fcl \u00e9rv\u00e9nyesek.<\/p>\n\n<p>A Szervez\u0151 fenntartja mag\u00e1nak a jogot a jelen \u00c1ltal\u00e1nos Szerz\u0151d\u00e9si Felt\u00e9telek m\u00f3dos\u00edt\u00e1s\u00e1ra.<\/p>\n","protected":false},"excerpt":{"rendered":"<p>Utols\u00f3 friss\u00edt\u00e9s: 2024. december 15. A jelen \u00c1ltal\u00e1nos Szerz\u0151d\u00e9si Felt\u00e9telek (a tov\u00e1bbiakban: \u00c1SZF) szab\u00e1lyozz\u00e1k a Szervez\u0151 \u00e9s a R\u00e9sztvev\u0151 k\u00f6z\u00f6tti [&hellip;]<\/p>\n","protected":false},"author":1,"featured_media":0,"parent":0,"menu_order":0,"comment_status":"closed","ping_status":"closed","template":"","meta":{"_acf_changed":false,"site-sidebar-layout":"default","site-content-layout":"","ast-site-content-layout":"default","site-content-style":"default","site-sidebar-style":"default","ast-global-header-display":"","ast-banner-title-visibility":"","ast-main-header-display":"","ast-hfb-above-header-display":"","ast-hfb-below-header-display":"","ast-hfb-mobile-header-display":"","site-post-title":"","ast-breadcrumbs-content":"","ast-featured-img":"","footer-sml-layout":"","ast-disable-related-posts":"","theme-transparent-header-meta":"","adv-header-id-meta":"","stick-header-meta":"","header-above-stick-meta":"","header-main-stick-meta":"","header-below-stick-meta":"","astra-migrate-meta-layouts":"default","ast-page-background-enabled":"default","ast-page-background-meta":{"desktop":{"background-color":"var(--ast-global-color-5)","background-image":"","background-repeat":"repeat","background-position":"center center","background-size":"auto","background-attachment":"scroll","background-type":"","background-media":"","overlay-type":"","overlay-color":"","overlay-opacity":"","overlay-gradient":""},"tablet":{"background-color":"","background-image":"","background-repeat":"repeat","background-position":"center center","background-size":"auto","background-attachment":"scroll","background-type":"","background-media":"","overlay-type":"","overlay-color":"","overlay-opacity":"","overlay-gradient":""},"mobile":{"background-color":"","background-image":"","background-repeat":"repeat","background-position":"center center","background-size":"auto","background-attachment":"scroll","background-type":"","background-media":"","overlay-type":"","overlay-color":"","overlay-opacity":"","overlay-gradient":""}},"ast-content-background-meta":{"desktop":{"background-color":"var(--ast-global-color-4)","background-image":"","background-repeat":"repeat","background-position":"center center","background-size":"auto","background-attachment":"scroll","background-type":"","background-media":"","overlay-type":"","overlay-color":"","overlay-opacity":"","overlay-gradient":""},"tablet":{"background-color":"var(--ast-global-color-4)","background-image":"","background-repeat":"repeat","background-position":"center center","background-size":"auto","background-attachment":"scroll","background-type":"","background-media":"","overlay-type":"","overlay-color":"","overlay-opacity":"","overlay-gradient":""},"mobile":{"background-color":"var(--ast-global-color-4)","background-image":"","background-repeat":"repeat","background-position":"center center","background-size":"auto","background-attachment":"scroll","background-type":"","background-media":"","overlay-type":"","overlay-color":"","overlay-opacity":"","overlay-gradient":""}},"advanced_seo_description":"","jetpack_seo_html_title":"","jetpack_seo_noindex":false,"footnotes":""},"class_list":["post-2659","page","type-page","status-publish","hentry"],"acf":[],"jetpack_sharing_enabled":true,"_links":{"self":[{"href":"https:\/\/oktoberfestrun.sk\/hu\/wp-json\/wp\/v2\/pages\/2659","targetHints":{"allow":["GET"]}}],"collection":[{"href":"https:\/\/oktoberfestrun.sk\/hu\/wp-json\/wp\/v2\/pages"}],"about":[{"href":"https:\/\/oktoberfestrun.sk\/hu\/wp-json\/wp\/v2\/types\/page"}],"author":[{"embeddable":true,"href":"https:\/\/oktoberfestrun.sk\/hu\/wp-json\/wp\/v2\/users\/1"}],"replies":[{"embeddable":true,"href":"https:\/\/oktoberfestrun.sk\/hu\/wp-json\/wp\/v2\/comments?post=2659"}],"version-history":[{"count":2,"href":"https:\/\/oktoberfestrun.sk\/hu\/wp-json\/wp\/v2\/pages\/2659\/revisions"}],"predecessor-version":[{"id":2663,"href":"https:\/\/oktoberfestrun.sk\/hu\/wp-json\/wp\/v2\/pages\/2659\/revisions\/2663"}],"wp:attachment":[{"href":"https:\/\/oktoberfestrun.sk\/hu\/wp-json\/wp\/v2\/media?parent=2659"}],"curies":[{"name":"wp","href":"https:\/\/api.w.org\/{rel}","templated":true}]}}